
{"id":7284,"date":"2019-07-05T09:23:07","date_gmt":"2019-07-05T07:23:07","guid":{"rendered":"http:\/\/www.comercialanma.es\/?post_type=product&#038;p=7284"},"modified":"2019-07-05T09:27:39","modified_gmt":"2019-07-05T07:27:39","slug":"brandy-carlos-i-amontillado-70cl","status":"publish","type":"product","link":"https:\/\/www.comercialanma.es\/?product=brandy-carlos-i-amontillado-70cl","title":{"rendered":"Brandy Carlos I Amontillado 70cl."},"content":{"rendered":"<p>Una experiencia insuperable por sus complejas notas salinas y minerales, toques de frutos secos y final sedoso y elegante.<\/p>\n<h3>Nota de cata:<\/h3>\n<ul>\n<li>Color ambarino, luminoso, con reflejos verdosos.<\/li>\n<li>Predominan reminiscencias a madera noble, caoba, torrefactos, con notas salinas y minerales, muestras inequ\u00edvocas de un amontillado muy viejo, con aportaci\u00f3n de avellanas, nueces y casta\u00f1as tostadas.<\/li>\n<li>Sedoso y seco, con un claro efecto catedral recordando a almendra y avellana.<\/li>\n<\/ul>\n","protected":false},"excerpt":{"rendered":"<p>Del envejecimiento en botas centenarias escogidas manualmente de nuestra Solera de Amontillado La Honda, fundada en 1857, nace Carlos I Amontillado, un Brandy Solera Gran Reserva \u00fanico en su estilo.<\/p>\n","protected":false},"featured_media":7285,"template":"","meta":{"spay_email":""},"yoast_head":"<!-- This site is optimized with the Yoast SEO plugin v15.9 - https:\/\/yoast.com\/wordpress\/plugins\/seo\/ -->\n<title>Brandy Carlos I Amontillado 70cl. - Comercial de Hosteleria Anma<\/title>\n<meta name=\"robots\" content=\"index, follow, max-snippet:-1, max-image-preview:large, max-video-preview:-1\" \/>\n<link rel=\"canonical\" href=\"https:\/\/www.comercialanma.es\/?product=brandy-carlos-i-amontillado-70cl\" \/>\n<meta property=\"og:locale\" content=\"es_ES\" \/>\n<meta property=\"og:type\" content=\"article\" \/>\n<meta property=\"og:title\" content=\"Brandy Carlos I Amontillado 70cl. - Comercial de Hosteleria Anma\" \/>\n<meta property=\"og:description\" content=\"Del envejecimiento en botas centenarias escogidas manualmente de nuestra Solera de Amontillado La Honda, fundada en 1857, nace Carlos I Amontillado, un Brandy Solera Gran Reserva \u00fanico en su estilo.\" \/>\n<meta property=\"og:url\" content=\"https:\/\/www.comercialanma.es\/?product=brandy-carlos-i-amontillado-70cl\" \/>\n<meta property=\"og:site_name\" content=\"Comercial de Hosteleria Anma\" \/>\n<meta property=\"article:publisher\" content=\"https:\/\/www.facebook.com\/AnmaHosteleria\" \/>\n<meta property=\"article:modified_time\" content=\"2019-07-05T07:27:39+00:00\" \/>\n<meta property=\"og:image\" content=\"https:\/\/i2.wp.com\/www.comercialanma.es\/wp-content\/uploads\/2019\/07\/Carlos-I-Amontillado.jpg?fit=1200%2C1200&#038;ssl=1\" \/>\n\t<meta property=\"og:image:width\" content=\"1200\" \/>\n\t<meta property=\"og:image:height\" content=\"1200\" \/>\n<meta name=\"twitter:card\" content=\"summary_large_image\" \/>\n<script type=\"application\/ld+json\" class=\"yoast-schema-graph\">{\"@context\":\"https:\/\/schema.org\",\"@graph\":[{\"@type\":\"Organization\",\"@id\":\"https:\/\/www.comercialanma.es\/#organization\",\"name\":\"Comercial Anma\",\"url\":\"https:\/\/www.comercialanma.es\/\",\"sameAs\":[\"https:\/\/www.facebook.com\/AnmaHosteleria\",\"https:\/\/www.instagram.com\/anmahosteleria\/?hl=es\",\"https:\/\/www.youtube.com\/channel\/UCT2nmn08Ntks0hmpZPnDgCA\"],\"logo\":{\"@type\":\"ImageObject\",\"@id\":\"https:\/\/www.comercialanma.es\/#logo\",\"inLanguage\":\"es\",\"url\":\"https:\/\/i2.wp.com\/www.comercialanma.es\/wp-content\/uploads\/2019\/06\/logo-anma-color.png?fit=247%2C101&ssl=1\",\"width\":247,\"height\":101,\"caption\":\"Comercial Anma\"},\"image\":{\"@id\":\"https:\/\/www.comercialanma.es\/#logo\"}},{\"@type\":\"WebSite\",\"@id\":\"https:\/\/www.comercialanma.es\/#website\",\"url\":\"https:\/\/www.comercialanma.es\/\",\"name\":\"Comercial de Hosteleria Anma\",\"description\":\"\",\"publisher\":{\"@id\":\"https:\/\/www.comercialanma.es\/#organization\"},\"potentialAction\":[{\"@type\":\"SearchAction\",\"target\":\"https:\/\/www.comercialanma.es\/?s={search_term_string}\",\"query-input\":\"required name=search_term_string\"}],\"inLanguage\":\"es\"},{\"@type\":\"ImageObject\",\"@id\":\"https:\/\/www.comercialanma.es\/?product=brandy-carlos-i-amontillado-70cl#primaryimage\",\"inLanguage\":\"es\",\"url\":\"https:\/\/i2.wp.com\/www.comercialanma.es\/wp-content\/uploads\/2019\/07\/Carlos-I-Amontillado.jpg?fit=1200%2C1200&ssl=1\",\"width\":1200,\"height\":1200},{\"@type\":\"WebPage\",\"@id\":\"https:\/\/www.comercialanma.es\/?product=brandy-carlos-i-amontillado-70cl#webpage\",\"url\":\"https:\/\/www.comercialanma.es\/?product=brandy-carlos-i-amontillado-70cl\",\"name\":\"Brandy Carlos I Amontillado 70cl. - Comercial de Hosteleria Anma\",\"isPartOf\":{\"@id\":\"https:\/\/www.comercialanma.es\/#website\"},\"primaryImageOfPage\":{\"@id\":\"https:\/\/www.comercialanma.es\/?product=brandy-carlos-i-amontillado-70cl#primaryimage\"},\"datePublished\":\"2019-07-05T07:23:07+00:00\",\"dateModified\":\"2019-07-05T07:27:39+00:00\",\"breadcrumb\":{\"@id\":\"https:\/\/www.comercialanma.es\/?product=brandy-carlos-i-amontillado-70cl#breadcrumb\"},\"inLanguage\":\"es\",\"potentialAction\":[{\"@type\":\"ReadAction\",\"target\":[\"https:\/\/www.comercialanma.es\/?product=brandy-carlos-i-amontillado-70cl\"]}]},{\"@type\":\"BreadcrumbList\",\"@id\":\"https:\/\/www.comercialanma.es\/?product=brandy-carlos-i-amontillado-70cl#breadcrumb\",\"itemListElement\":[{\"@type\":\"ListItem\",\"position\":1,\"item\":{\"@type\":\"WebPage\",\"@id\":\"https:\/\/www.comercialanma.es\/\",\"url\":\"https:\/\/www.comercialanma.es\/\",\"name\":\"Portada\"}},{\"@type\":\"ListItem\",\"position\":2,\"item\":{\"@type\":\"WebPage\",\"@id\":\"https:\/\/www.comercialanma.es\/?page_id=3963\",\"url\":\"https:\/\/www.comercialanma.es\/?page_id=3963\",\"name\":\"Cat\\u00e1logo de Productos\"}},{\"@type\":\"ListItem\",\"position\":3,\"item\":{\"@type\":\"WebPage\",\"@id\":\"https:\/\/www.comercialanma.es\/?product=brandy-carlos-i-amontillado-70cl\",\"url\":\"https:\/\/www.comercialanma.es\/?product=brandy-carlos-i-amontillado-70cl\",\"name\":\"Brandy Carlos I Amontillado 70cl.\"}}]}]}<\/script>\n<!-- \/ Yoast SEO plugin. -->","_links":{"self":[{"href":"https:\/\/www.comercialanma.es\/index.php?rest_route=\/wp\/v2\/product\/7284"}],"collection":[{"href":"https:\/\/www.comercialanma.es\/index.php?rest_route=\/wp\/v2\/product"}],"about":[{"href":"https:\/\/www.comercialanma.es\/index.php?rest_route=\/wp\/v2\/types\/product"}],"version-history":[{"count":1,"href":"https:\/\/www.comercialanma.es\/index.php?rest_route=\/wp\/v2\/product\/7284\/revisions"}],"predecessor-version":[{"id":7286,"href":"https:\/\/www.comercialanma.es\/index.php?rest_route=\/wp\/v2\/product\/7284\/revisions\/7286"}],"wp:featuredmedia":[{"embeddable":true,"href":"https:\/\/www.comercialanma.es\/index.php?rest_route=\/wp\/v2\/media\/7285"}],"wp:attachment":[{"href":"https:\/\/www.comercialanma.es\/index.php?rest_route=%2Fwp%2Fv2%2Fmedia&parent=7284"}],"curies":[{"name":"wp","href":"https:\/\/api.w.org\/{rel}","templated":true}]}}