
{"id":7964,"date":"2019-07-11T17:28:42","date_gmt":"2019-07-11T15:28:42","guid":{"rendered":"http:\/\/www.comercialanma.es\/?post_type=product&#038;p=7964"},"modified":"2019-07-11T17:35:13","modified_gmt":"2019-07-11T15:35:13","slug":"de-kuyper-amaretto-70cl","status":"publish","type":"product","link":"https:\/\/www.comercialanma.es\/?product=de-kuyper-amaretto-70cl","title":{"rendered":"De Kuyper Amaretto 70cl."},"content":{"rendered":"<h3>Nota de cata:<\/h3>\n<ul>\n<li>A la vista, De Kuyper Amaretto Liqueur muestra tonos dorados ambarinos.<\/li>\n<li>Al paladar es suave, donde destacan los sabores a almendra, vainilla y destilados de c\u00edtricos.<\/li>\n<li>Se puede degustar solo o con hielo, pero se recomienda utilizarlo para preparar diversos c\u00f3cteles, como el Amaretto Sour. 110 calor\u00edas.<\/li>\n<li>Graduaci\u00f3n: 30%.<\/li>\n<\/ul>\n","protected":false},"excerpt":{"rendered":"<div class=\"info-ficha\">De kuyper Amaretto es un licor de almendra elaborada con extracto de vainilla y destilado de lim\u00f3n fresco. Un toque de caramelo le da su color dorado. Pertenece a De Kuyper Royal Distillers, destiler\u00eda familiar fundada en 1695. Es una de las empresas familiares m\u00e1s antiguas de Holanda, y una de las mejores del mundo en la elaboraci\u00f3n de licores.<\/div>\n<p>&nbsp;<\/p>\n","protected":false},"featured_media":7965,"template":"","meta":{"spay_email":""},"yoast_head":"<!-- This site is optimized with the Yoast SEO plugin v15.9 - https:\/\/yoast.com\/wordpress\/plugins\/seo\/ -->\n<title>De Kuyper Amaretto 70cl. - Comercial de Hosteleria Anma<\/title>\n<meta name=\"robots\" content=\"index, follow, max-snippet:-1, max-image-preview:large, max-video-preview:-1\" \/>\n<link rel=\"canonical\" href=\"https:\/\/www.comercialanma.es\/?product=de-kuyper-amaretto-70cl\" \/>\n<meta property=\"og:locale\" content=\"es_ES\" \/>\n<meta property=\"og:type\" content=\"article\" \/>\n<meta property=\"og:title\" content=\"De Kuyper Amaretto 70cl. - Comercial de Hosteleria Anma\" \/>\n<meta property=\"og:description\" content=\"De kuyper Amaretto es un licor de almendra elaborada con extracto de vainilla y destilado de lim\u00f3n fresco. Un toque de caramelo le da su color dorado. Pertenece a De Kuyper Royal Distillers, destiler\u00eda familiar fundada en 1695. Es una de las empresas familiares m\u00e1s antiguas de Holanda, y una de las mejores del mundo en la elaboraci\u00f3n de licores. &nbsp;\" \/>\n<meta property=\"og:url\" content=\"https:\/\/www.comercialanma.es\/?product=de-kuyper-amaretto-70cl\" \/>\n<meta property=\"og:site_name\" content=\"Comercial de Hosteleria Anma\" \/>\n<meta property=\"article:publisher\" content=\"https:\/\/www.facebook.com\/AnmaHosteleria\" \/>\n<meta property=\"article:modified_time\" content=\"2019-07-11T15:35:13+00:00\" \/>\n<meta property=\"og:image\" content=\"https:\/\/i2.wp.com\/www.comercialanma.es\/wp-content\/uploads\/2019\/07\/De-Kuyper-Amaretto.jpg?fit=1200%2C1200&#038;ssl=1\" \/>\n\t<meta property=\"og:image:width\" content=\"1200\" \/>\n\t<meta property=\"og:image:height\" content=\"1200\" \/>\n<meta name=\"twitter:card\" content=\"summary_large_image\" \/>\n<script type=\"application\/ld+json\" class=\"yoast-schema-graph\">{\"@context\":\"https:\/\/schema.org\",\"@graph\":[{\"@type\":\"Organization\",\"@id\":\"https:\/\/www.comercialanma.es\/#organization\",\"name\":\"Comercial Anma\",\"url\":\"https:\/\/www.comercialanma.es\/\",\"sameAs\":[\"https:\/\/www.facebook.com\/AnmaHosteleria\",\"https:\/\/www.instagram.com\/anmahosteleria\/?hl=es\",\"https:\/\/www.youtube.com\/channel\/UCT2nmn08Ntks0hmpZPnDgCA\"],\"logo\":{\"@type\":\"ImageObject\",\"@id\":\"https:\/\/www.comercialanma.es\/#logo\",\"inLanguage\":\"es\",\"url\":\"https:\/\/i2.wp.com\/www.comercialanma.es\/wp-content\/uploads\/2019\/06\/logo-anma-color.png?fit=247%2C101&ssl=1\",\"width\":247,\"height\":101,\"caption\":\"Comercial Anma\"},\"image\":{\"@id\":\"https:\/\/www.comercialanma.es\/#logo\"}},{\"@type\":\"WebSite\",\"@id\":\"https:\/\/www.comercialanma.es\/#website\",\"url\":\"https:\/\/www.comercialanma.es\/\",\"name\":\"Comercial de Hosteleria Anma\",\"description\":\"\",\"publisher\":{\"@id\":\"https:\/\/www.comercialanma.es\/#organization\"},\"potentialAction\":[{\"@type\":\"SearchAction\",\"target\":\"https:\/\/www.comercialanma.es\/?s={search_term_string}\",\"query-input\":\"required name=search_term_string\"}],\"inLanguage\":\"es\"},{\"@type\":\"ImageObject\",\"@id\":\"https:\/\/www.comercialanma.es\/?product=de-kuyper-amaretto-70cl#primaryimage\",\"inLanguage\":\"es\",\"url\":\"https:\/\/i2.wp.com\/www.comercialanma.es\/wp-content\/uploads\/2019\/07\/De-Kuyper-Amaretto.jpg?fit=1200%2C1200&ssl=1\",\"width\":1200,\"height\":1200},{\"@type\":\"WebPage\",\"@id\":\"https:\/\/www.comercialanma.es\/?product=de-kuyper-amaretto-70cl#webpage\",\"url\":\"https:\/\/www.comercialanma.es\/?product=de-kuyper-amaretto-70cl\",\"name\":\"De Kuyper Amaretto 70cl. - Comercial de Hosteleria Anma\",\"isPartOf\":{\"@id\":\"https:\/\/www.comercialanma.es\/#website\"},\"primaryImageOfPage\":{\"@id\":\"https:\/\/www.comercialanma.es\/?product=de-kuyper-amaretto-70cl#primaryimage\"},\"datePublished\":\"2019-07-11T15:28:42+00:00\",\"dateModified\":\"2019-07-11T15:35:13+00:00\",\"breadcrumb\":{\"@id\":\"https:\/\/www.comercialanma.es\/?product=de-kuyper-amaretto-70cl#breadcrumb\"},\"inLanguage\":\"es\",\"potentialAction\":[{\"@type\":\"ReadAction\",\"target\":[\"https:\/\/www.comercialanma.es\/?product=de-kuyper-amaretto-70cl\"]}]},{\"@type\":\"BreadcrumbList\",\"@id\":\"https:\/\/www.comercialanma.es\/?product=de-kuyper-amaretto-70cl#breadcrumb\",\"itemListElement\":[{\"@type\":\"ListItem\",\"position\":1,\"item\":{\"@type\":\"WebPage\",\"@id\":\"https:\/\/www.comercialanma.es\/\",\"url\":\"https:\/\/www.comercialanma.es\/\",\"name\":\"Portada\"}},{\"@type\":\"ListItem\",\"position\":2,\"item\":{\"@type\":\"WebPage\",\"@id\":\"https:\/\/www.comercialanma.es\/?page_id=3963\",\"url\":\"https:\/\/www.comercialanma.es\/?page_id=3963\",\"name\":\"Cat\\u00e1logo de Productos\"}},{\"@type\":\"ListItem\",\"position\":3,\"item\":{\"@type\":\"WebPage\",\"@id\":\"https:\/\/www.comercialanma.es\/?product=de-kuyper-amaretto-70cl\",\"url\":\"https:\/\/www.comercialanma.es\/?product=de-kuyper-amaretto-70cl\",\"name\":\"De Kuyper Amaretto 70cl.\"}}]}]}<\/script>\n<!-- \/ Yoast SEO plugin. -->","_links":{"self":[{"href":"https:\/\/www.comercialanma.es\/index.php?rest_route=\/wp\/v2\/product\/7964"}],"collection":[{"href":"https:\/\/www.comercialanma.es\/index.php?rest_route=\/wp\/v2\/product"}],"about":[{"href":"https:\/\/www.comercialanma.es\/index.php?rest_route=\/wp\/v2\/types\/product"}],"version-history":[{"count":1,"href":"https:\/\/www.comercialanma.es\/index.php?rest_route=\/wp\/v2\/product\/7964\/revisions"}],"predecessor-version":[{"id":7966,"href":"https:\/\/www.comercialanma.es\/index.php?rest_route=\/wp\/v2\/product\/7964\/revisions\/7966"}],"wp:featuredmedia":[{"embeddable":true,"href":"https:\/\/www.comercialanma.es\/index.php?rest_route=\/wp\/v2\/media\/7965"}],"wp:attachment":[{"href":"https:\/\/www.comercialanma.es\/index.php?rest_route=%2Fwp%2Fv2%2Fmedia&parent=7964"}],"curies":[{"name":"wp","href":"https:\/\/api.w.org\/{rel}","templated":true}]}}