
{"id":8070,"date":"2019-07-12T16:17:06","date_gmt":"2019-07-12T14:17:06","guid":{"rendered":"http:\/\/www.comercialanma.es\/?post_type=product&#038;p=8070"},"modified":"2019-07-12T16:22:15","modified_gmt":"2019-07-12T14:22:15","slug":"st-germain-70cl","status":"publish","type":"product","link":"https:\/\/www.comercialanma.es\/?product=st-germain-70cl","title":{"rendered":"St Germain 70cl."},"content":{"rendered":"<div id=\"tabs_content_container\">\n<div id=\"tab_cata_0\" class=\"tab_content catas_review_container\">\n<h3>Nota de cata:<\/h3>\n<ul>\n<li class=\"sp catas_review col-xs-12 nopadding\"><span class=\"cata_title\">Cata a la vista<\/span> <span class=\"cata_content\">Color amarillo dorado brillante.<\/span><\/li>\n<li class=\"sp catas_review col-xs-12 nopadding\"><span class=\"cata_title\">Cata en nariz<\/span> <span class=\"cata_content\">Intenso. Aromas florales y herb\u00e1ceos que aparecen junto a sutiles notas afrutadas de uva y ligeros toques c\u00edtricos (pomelo).<\/span><\/li>\n<li class=\"sp catas_review col-xs-12 nopadding\"><span class=\"cata_title\">Cata en boca<\/span> <span class=\"cata_content\">Sabores delicados y potentes, a la vez. Sabores c\u00edtricos, de uva verde, de fruta ex\u00f3tica (lichy) junto a los florales. Amargo y dulce, de forma equilibrada. Buen final con postgusto bals\u00e1mico.<\/span><\/li>\n<\/ul>\n<\/div>\n<\/div>\n","protected":false},"excerpt":{"rendered":"<p>St. Germain es un licor franc\u00e9s que se elabora a partir de flores de sauco, un arbusto que crece en zonas h\u00famedas cercanas a los Alpes y que florece durante 4-6 semanas al a\u00f1o. Se elabora de forma totalmente tradicional y artesanal. Las flores maceran con aguardiente de uvas (sobre todo blancas) de la zona de la Borgo\u00f1a. Una vez maceradas, se procede a la destilaci\u00f3n y una vez terminada \u00e9sta, una parte vuelve a destilarse. Finalmente, se ensamblan y se le a\u00f1ade una m\u00ednima cantidad de az\u00facar de ca\u00f1a para resaltar el sabor natural floral. Ha recibido la Medalla de Oro del Sant Francisco World Spirits. Competition dos a\u00f1os consecutivos. Se aconseja tomarlo solo con hielo. \u00a1Prueba a echar dos gotitas en un gin tonic!<\/p>\n","protected":false},"featured_media":8071,"template":"","meta":{"spay_email":""},"yoast_head":"<!-- This site is optimized with the Yoast SEO plugin v15.9 - https:\/\/yoast.com\/wordpress\/plugins\/seo\/ -->\n<title>St Germain 70cl. - Comercial de Hosteleria Anma<\/title>\n<meta name=\"robots\" content=\"index, follow, max-snippet:-1, max-image-preview:large, max-video-preview:-1\" \/>\n<link rel=\"canonical\" href=\"https:\/\/www.comercialanma.es\/?product=st-germain-70cl\" \/>\n<meta property=\"og:locale\" content=\"es_ES\" \/>\n<meta property=\"og:type\" content=\"article\" \/>\n<meta property=\"og:title\" content=\"St Germain 70cl. - Comercial de Hosteleria Anma\" \/>\n<meta property=\"og:description\" content=\"St. Germain es un licor franc\u00e9s que se elabora a partir de flores de sauco, un arbusto que crece en zonas h\u00famedas cercanas a los Alpes y que florece durante 4-6 semanas al a\u00f1o. Se elabora de forma totalmente tradicional y artesanal. Las flores maceran con aguardiente de uvas (sobre todo blancas) de la zona de la Borgo\u00f1a. Una vez maceradas, se procede a la destilaci\u00f3n y una vez terminada \u00e9sta, una parte vuelve a destilarse. Finalmente, se ensamblan y se le a\u00f1ade una m\u00ednima cantidad de az\u00facar de ca\u00f1a para resaltar el sabor natural floral. Ha recibido la Medalla de Oro del Sant Francisco World Spirits. Competition dos a\u00f1os consecutivos. Se aconseja tomarlo solo con hielo. \u00a1Prueba a echar dos gotitas en un gin tonic!\" \/>\n<meta property=\"og:url\" content=\"https:\/\/www.comercialanma.es\/?product=st-germain-70cl\" \/>\n<meta property=\"og:site_name\" content=\"Comercial de Hosteleria Anma\" \/>\n<meta property=\"article:publisher\" content=\"https:\/\/www.facebook.com\/AnmaHosteleria\" \/>\n<meta property=\"article:modified_time\" content=\"2019-07-12T14:22:15+00:00\" \/>\n<meta property=\"og:image\" content=\"https:\/\/i2.wp.com\/www.comercialanma.es\/wp-content\/uploads\/2019\/07\/St-germain.jpg?fit=1200%2C1200&#038;ssl=1\" \/>\n\t<meta property=\"og:image:width\" content=\"1200\" \/>\n\t<meta property=\"og:image:height\" content=\"1200\" \/>\n<meta name=\"twitter:card\" content=\"summary_large_image\" \/>\n<script type=\"application\/ld+json\" class=\"yoast-schema-graph\">{\"@context\":\"https:\/\/schema.org\",\"@graph\":[{\"@type\":\"Organization\",\"@id\":\"https:\/\/www.comercialanma.es\/#organization\",\"name\":\"Comercial Anma\",\"url\":\"https:\/\/www.comercialanma.es\/\",\"sameAs\":[\"https:\/\/www.facebook.com\/AnmaHosteleria\",\"https:\/\/www.instagram.com\/anmahosteleria\/?hl=es\",\"https:\/\/www.youtube.com\/channel\/UCT2nmn08Ntks0hmpZPnDgCA\"],\"logo\":{\"@type\":\"ImageObject\",\"@id\":\"https:\/\/www.comercialanma.es\/#logo\",\"inLanguage\":\"es\",\"url\":\"https:\/\/i2.wp.com\/www.comercialanma.es\/wp-content\/uploads\/2019\/06\/logo-anma-color.png?fit=247%2C101&ssl=1\",\"width\":247,\"height\":101,\"caption\":\"Comercial Anma\"},\"image\":{\"@id\":\"https:\/\/www.comercialanma.es\/#logo\"}},{\"@type\":\"WebSite\",\"@id\":\"https:\/\/www.comercialanma.es\/#website\",\"url\":\"https:\/\/www.comercialanma.es\/\",\"name\":\"Comercial de Hosteleria Anma\",\"description\":\"\",\"publisher\":{\"@id\":\"https:\/\/www.comercialanma.es\/#organization\"},\"potentialAction\":[{\"@type\":\"SearchAction\",\"target\":\"https:\/\/www.comercialanma.es\/?s={search_term_string}\",\"query-input\":\"required name=search_term_string\"}],\"inLanguage\":\"es\"},{\"@type\":\"ImageObject\",\"@id\":\"https:\/\/www.comercialanma.es\/?product=st-germain-70cl#primaryimage\",\"inLanguage\":\"es\",\"url\":\"https:\/\/i2.wp.com\/www.comercialanma.es\/wp-content\/uploads\/2019\/07\/St-germain.jpg?fit=1200%2C1200&ssl=1\",\"width\":1200,\"height\":1200},{\"@type\":\"WebPage\",\"@id\":\"https:\/\/www.comercialanma.es\/?product=st-germain-70cl#webpage\",\"url\":\"https:\/\/www.comercialanma.es\/?product=st-germain-70cl\",\"name\":\"St Germain 70cl. - Comercial de Hosteleria Anma\",\"isPartOf\":{\"@id\":\"https:\/\/www.comercialanma.es\/#website\"},\"primaryImageOfPage\":{\"@id\":\"https:\/\/www.comercialanma.es\/?product=st-germain-70cl#primaryimage\"},\"datePublished\":\"2019-07-12T14:17:06+00:00\",\"dateModified\":\"2019-07-12T14:22:15+00:00\",\"breadcrumb\":{\"@id\":\"https:\/\/www.comercialanma.es\/?product=st-germain-70cl#breadcrumb\"},\"inLanguage\":\"es\",\"potentialAction\":[{\"@type\":\"ReadAction\",\"target\":[\"https:\/\/www.comercialanma.es\/?product=st-germain-70cl\"]}]},{\"@type\":\"BreadcrumbList\",\"@id\":\"https:\/\/www.comercialanma.es\/?product=st-germain-70cl#breadcrumb\",\"itemListElement\":[{\"@type\":\"ListItem\",\"position\":1,\"item\":{\"@type\":\"WebPage\",\"@id\":\"https:\/\/www.comercialanma.es\/\",\"url\":\"https:\/\/www.comercialanma.es\/\",\"name\":\"Portada\"}},{\"@type\":\"ListItem\",\"position\":2,\"item\":{\"@type\":\"WebPage\",\"@id\":\"https:\/\/www.comercialanma.es\/?page_id=3963\",\"url\":\"https:\/\/www.comercialanma.es\/?page_id=3963\",\"name\":\"Cat\\u00e1logo de Productos\"}},{\"@type\":\"ListItem\",\"position\":3,\"item\":{\"@type\":\"WebPage\",\"@id\":\"https:\/\/www.comercialanma.es\/?product=st-germain-70cl\",\"url\":\"https:\/\/www.comercialanma.es\/?product=st-germain-70cl\",\"name\":\"St Germain 70cl.\"}}]}]}<\/script>\n<!-- \/ Yoast SEO plugin. -->","_links":{"self":[{"href":"https:\/\/www.comercialanma.es\/index.php?rest_route=\/wp\/v2\/product\/8070"}],"collection":[{"href":"https:\/\/www.comercialanma.es\/index.php?rest_route=\/wp\/v2\/product"}],"about":[{"href":"https:\/\/www.comercialanma.es\/index.php?rest_route=\/wp\/v2\/types\/product"}],"version-history":[{"count":2,"href":"https:\/\/www.comercialanma.es\/index.php?rest_route=\/wp\/v2\/product\/8070\/revisions"}],"predecessor-version":[{"id":8073,"href":"https:\/\/www.comercialanma.es\/index.php?rest_route=\/wp\/v2\/product\/8070\/revisions\/8073"}],"wp:featuredmedia":[{"embeddable":true,"href":"https:\/\/www.comercialanma.es\/index.php?rest_route=\/wp\/v2\/media\/8071"}],"wp:attachment":[{"href":"https:\/\/www.comercialanma.es\/index.php?rest_route=%2Fwp%2Fv2%2Fmedia&parent=8070"}],"curies":[{"name":"wp","href":"https:\/\/api.w.org\/{rel}","templated":true}]}}