
{"id":8098,"date":"2019-07-12T17:47:23","date_gmt":"2019-07-12T15:47:23","guid":{"rendered":"http:\/\/www.comercialanma.es\/?post_type=product&#038;p=8098"},"modified":"2019-07-12T17:53:52","modified_gmt":"2019-07-12T15:53:52","slug":"pacharan-olatz-1l","status":"publish","type":"product","link":"https:\/\/www.comercialanma.es\/?product=pacharan-olatz-1l","title":{"rendered":"Pacharan Olatz 1L."},"content":{"rendered":"<h3>Nota de cata:<\/h3>\n<ul>\n<li>A la vista es de color rojizo muy limpio y brillante.<\/li>\n<li>Al olfato es arom\u00e1tico y complejo, con aromas frutales.<\/li>\n<li>Al paladar es suave y elegante, con cuerpo medio, ligera acidez y sabor a endrinas.<\/li>\n<li>Final persistente. Se aconseja tomarlo despu\u00e9s de las comidas, por su alto poder digestivo.<\/li>\n<li>Graduaci\u00f3n: 25%.<\/li>\n<\/ul>\n","protected":false},"excerpt":{"rendered":"<p>Pachar\u00e1n Olatz es un licor t\u00edpico de Navarra, que se elabora mediante la maceraci\u00f3n de endrinas cuidadosamente seleccionadas en an\u00eds. Pertenece a la empresa Marie Brizard, cuyos or\u00edgenes se remontan a 1755, cuando fund\u00f3 la compa\u00f1\u00eda en Burdeos junto a su sobrino Jean-Baptiste Roger.<\/p>\n","protected":false},"featured_media":8099,"template":"","meta":{"spay_email":""},"yoast_head":"<!-- This site is optimized with the Yoast SEO plugin v15.9 - https:\/\/yoast.com\/wordpress\/plugins\/seo\/ -->\n<title>Pacharan Olatz 1L. - Comercial de Hosteleria Anma<\/title>\n<meta name=\"robots\" content=\"index, follow, max-snippet:-1, max-image-preview:large, max-video-preview:-1\" \/>\n<link rel=\"canonical\" href=\"https:\/\/www.comercialanma.es\/?product=pacharan-olatz-1l\" \/>\n<meta property=\"og:locale\" content=\"es_ES\" \/>\n<meta property=\"og:type\" content=\"article\" \/>\n<meta property=\"og:title\" content=\"Pacharan Olatz 1L. - Comercial de Hosteleria Anma\" \/>\n<meta property=\"og:description\" content=\"Pachar\u00e1n Olatz es un licor t\u00edpico de Navarra, que se elabora mediante la maceraci\u00f3n de endrinas cuidadosamente seleccionadas en an\u00eds. Pertenece a la empresa Marie Brizard, cuyos or\u00edgenes se remontan a 1755, cuando fund\u00f3 la compa\u00f1\u00eda en Burdeos junto a su sobrino Jean-Baptiste Roger.\" \/>\n<meta property=\"og:url\" content=\"https:\/\/www.comercialanma.es\/?product=pacharan-olatz-1l\" \/>\n<meta property=\"og:site_name\" content=\"Comercial de Hosteleria Anma\" \/>\n<meta property=\"article:publisher\" content=\"https:\/\/www.facebook.com\/AnmaHosteleria\" \/>\n<meta property=\"article:modified_time\" content=\"2019-07-12T15:53:52+00:00\" \/>\n<meta property=\"og:image\" content=\"https:\/\/i2.wp.com\/www.comercialanma.es\/wp-content\/uploads\/2019\/07\/Olatz-Pacharan.jpg?fit=1200%2C1200&#038;ssl=1\" \/>\n\t<meta property=\"og:image:width\" content=\"1200\" \/>\n\t<meta property=\"og:image:height\" content=\"1200\" \/>\n<meta name=\"twitter:card\" content=\"summary_large_image\" \/>\n<script type=\"application\/ld+json\" class=\"yoast-schema-graph\">{\"@context\":\"https:\/\/schema.org\",\"@graph\":[{\"@type\":\"Organization\",\"@id\":\"https:\/\/www.comercialanma.es\/#organization\",\"name\":\"Comercial Anma\",\"url\":\"https:\/\/www.comercialanma.es\/\",\"sameAs\":[\"https:\/\/www.facebook.com\/AnmaHosteleria\",\"https:\/\/www.instagram.com\/anmahosteleria\/?hl=es\",\"https:\/\/www.youtube.com\/channel\/UCT2nmn08Ntks0hmpZPnDgCA\"],\"logo\":{\"@type\":\"ImageObject\",\"@id\":\"https:\/\/www.comercialanma.es\/#logo\",\"inLanguage\":\"es\",\"url\":\"https:\/\/i2.wp.com\/www.comercialanma.es\/wp-content\/uploads\/2019\/06\/logo-anma-color.png?fit=247%2C101&ssl=1\",\"width\":247,\"height\":101,\"caption\":\"Comercial Anma\"},\"image\":{\"@id\":\"https:\/\/www.comercialanma.es\/#logo\"}},{\"@type\":\"WebSite\",\"@id\":\"https:\/\/www.comercialanma.es\/#website\",\"url\":\"https:\/\/www.comercialanma.es\/\",\"name\":\"Comercial de Hosteleria Anma\",\"description\":\"\",\"publisher\":{\"@id\":\"https:\/\/www.comercialanma.es\/#organization\"},\"potentialAction\":[{\"@type\":\"SearchAction\",\"target\":\"https:\/\/www.comercialanma.es\/?s={search_term_string}\",\"query-input\":\"required name=search_term_string\"}],\"inLanguage\":\"es\"},{\"@type\":\"ImageObject\",\"@id\":\"https:\/\/www.comercialanma.es\/?product=pacharan-olatz-1l#primaryimage\",\"inLanguage\":\"es\",\"url\":\"https:\/\/i2.wp.com\/www.comercialanma.es\/wp-content\/uploads\/2019\/07\/Olatz-Pacharan.jpg?fit=1200%2C1200&ssl=1\",\"width\":1200,\"height\":1200},{\"@type\":\"WebPage\",\"@id\":\"https:\/\/www.comercialanma.es\/?product=pacharan-olatz-1l#webpage\",\"url\":\"https:\/\/www.comercialanma.es\/?product=pacharan-olatz-1l\",\"name\":\"Pacharan Olatz 1L. - Comercial de Hosteleria Anma\",\"isPartOf\":{\"@id\":\"https:\/\/www.comercialanma.es\/#website\"},\"primaryImageOfPage\":{\"@id\":\"https:\/\/www.comercialanma.es\/?product=pacharan-olatz-1l#primaryimage\"},\"datePublished\":\"2019-07-12T15:47:23+00:00\",\"dateModified\":\"2019-07-12T15:53:52+00:00\",\"breadcrumb\":{\"@id\":\"https:\/\/www.comercialanma.es\/?product=pacharan-olatz-1l#breadcrumb\"},\"inLanguage\":\"es\",\"potentialAction\":[{\"@type\":\"ReadAction\",\"target\":[\"https:\/\/www.comercialanma.es\/?product=pacharan-olatz-1l\"]}]},{\"@type\":\"BreadcrumbList\",\"@id\":\"https:\/\/www.comercialanma.es\/?product=pacharan-olatz-1l#breadcrumb\",\"itemListElement\":[{\"@type\":\"ListItem\",\"position\":1,\"item\":{\"@type\":\"WebPage\",\"@id\":\"https:\/\/www.comercialanma.es\/\",\"url\":\"https:\/\/www.comercialanma.es\/\",\"name\":\"Portada\"}},{\"@type\":\"ListItem\",\"position\":2,\"item\":{\"@type\":\"WebPage\",\"@id\":\"https:\/\/www.comercialanma.es\/?page_id=3963\",\"url\":\"https:\/\/www.comercialanma.es\/?page_id=3963\",\"name\":\"Cat\\u00e1logo de Productos\"}},{\"@type\":\"ListItem\",\"position\":3,\"item\":{\"@type\":\"WebPage\",\"@id\":\"https:\/\/www.comercialanma.es\/?product=pacharan-olatz-1l\",\"url\":\"https:\/\/www.comercialanma.es\/?product=pacharan-olatz-1l\",\"name\":\"Pacharan Olatz 1L.\"}}]}]}<\/script>\n<!-- \/ Yoast SEO plugin. -->","_links":{"self":[{"href":"https:\/\/www.comercialanma.es\/index.php?rest_route=\/wp\/v2\/product\/8098"}],"collection":[{"href":"https:\/\/www.comercialanma.es\/index.php?rest_route=\/wp\/v2\/product"}],"about":[{"href":"https:\/\/www.comercialanma.es\/index.php?rest_route=\/wp\/v2\/types\/product"}],"version-history":[{"count":1,"href":"https:\/\/www.comercialanma.es\/index.php?rest_route=\/wp\/v2\/product\/8098\/revisions"}],"predecessor-version":[{"id":8100,"href":"https:\/\/www.comercialanma.es\/index.php?rest_route=\/wp\/v2\/product\/8098\/revisions\/8100"}],"wp:featuredmedia":[{"embeddable":true,"href":"https:\/\/www.comercialanma.es\/index.php?rest_route=\/wp\/v2\/media\/8099"}],"wp:attachment":[{"href":"https:\/\/www.comercialanma.es\/index.php?rest_route=%2Fwp%2Fv2%2Fmedia&parent=8098"}],"curies":[{"name":"wp","href":"https:\/\/api.w.org\/{rel}","templated":true}]}}