
{"id":8472,"date":"2019-07-17T17:50:16","date_gmt":"2019-07-17T15:50:16","guid":{"rendered":"http:\/\/www.comercialanma.es\/?post_type=product&#038;p=8472"},"modified":"2026-01-21T09:45:12","modified_gmt":"2026-01-21T08:45:12","slug":"ron-zacapa-reserva-23-anos-75cl","status":"publish","type":"product","link":"https:\/\/www.comercialanma.es\/?product=ron-zacapa-reserva-23-anos-75cl","title":{"rendered":"Ron Zacapa Reserva 23 a\u00f1os 75cl."},"content":{"rendered":"<h3>Nota de cata:<\/h3>\n<ul>\n<li>Vista: Zacapa Centenario Solera 23 A\u00f1os\u00a01 Litro tiene a\u00f1ejados contornos y de recorrido largo y lento, que se aferra al vaso.<\/li>\n<li>Nariz: Un inicio que desarrolla complejas posibilidades en el vaso: aromas dulces de caramelo, vainilla, cacao y sirope de caramelo, que combina capas de sabor indicativo de las diferentes barricas del proceso solera. Notas ajerezadas de nueces de Brasil y avellanas tostadas y el caracter\u00edstico sabor equilibrado a banano y pi\u00f1a seca de las barricas que contuvieron whiskey Americano.<\/li>\n<li>Boca: Maravillosamente complejo, generoso y con cuerpo. Una viscosidad amielada y dulce at\u00edpica de una bebida a\u00f1ejada. Gran profundidad de frutas-pasas y conservas de albaricoque, que se remonta hasta un intenso epicentro de roble salado, nuez moscada, piel y tabaco, con notas de caf\u00e9 y delicada vainilla dulce, equilibrado con un toque de canela y jengibre al final agradablemente astringente. Verdaderamente un ron para los paladares refinados.<\/li>\n<li>Graduaci\u00f3n: 40% vol.<\/li>\n<\/ul>\n","protected":false},"excerpt":{"rendered":"<div id=\"short_description_content\">\n<p>Zacapa Centenario Solera 23 A\u00f1os\u00a01 Litro est\u00e1 elaborado con miel virgen y a\u00f1ejado a 2300 metros hasta 23 a\u00f1os. Pasa por hasta 4 tipos diferentes de barrica lo que le confiere aromas y sabores excepcionales.<\/p>\n<p>La bodega Zacapa utiliza un sistema de Solera propio, hecho a medida, que se basa en el tradicional sistema desarrollado en Espa\u00f1a hace 500 a\u00f1os para el a\u00f1ejamiento del Jerez.<\/p>\n<\/div>\n","protected":false},"featured_media":24579,"template":"","meta":{"spay_email":""},"yoast_head":"<!-- This site is optimized with the Yoast SEO plugin v15.9 - https:\/\/yoast.com\/wordpress\/plugins\/seo\/ -->\n<title>Ron Zacapa Reserva 23 a\u00f1os 75cl. - Comercial de Hosteleria Anma<\/title>\n<meta name=\"robots\" content=\"index, follow, max-snippet:-1, max-image-preview:large, max-video-preview:-1\" \/>\n<link rel=\"canonical\" href=\"https:\/\/www.comercialanma.es\/?product=ron-zacapa-reserva-23-anos-75cl\" \/>\n<meta property=\"og:locale\" content=\"es_ES\" \/>\n<meta property=\"og:type\" content=\"article\" \/>\n<meta property=\"og:title\" content=\"Ron Zacapa Reserva 23 a\u00f1os 75cl. - Comercial de Hosteleria Anma\" \/>\n<meta property=\"og:description\" content=\"Zacapa Centenario Solera 23 A\u00f1os\u00a01 Litro est\u00e1 elaborado con miel virgen y a\u00f1ejado a 2300 metros hasta 23 a\u00f1os. Pasa por hasta 4 tipos diferentes de barrica lo que le confiere aromas y sabores excepcionales.  La bodega Zacapa utiliza un sistema de Solera propio, hecho a medida, que se basa en el tradicional sistema desarrollado en Espa\u00f1a hace 500 a\u00f1os para el a\u00f1ejamiento del Jerez.\" \/>\n<meta property=\"og:url\" content=\"https:\/\/www.comercialanma.es\/?product=ron-zacapa-reserva-23-anos-75cl\" \/>\n<meta property=\"og:site_name\" content=\"Comercial de Hosteleria Anma\" \/>\n<meta property=\"article:publisher\" content=\"https:\/\/www.facebook.com\/AnmaHosteleria\" \/>\n<meta property=\"article:modified_time\" content=\"2026-01-21T08:45:12+00:00\" \/>\n<meta property=\"og:image\" content=\"https:\/\/i1.wp.com\/www.comercialanma.es\/wp-content\/uploads\/2019\/07\/zacapa-23.jpg?fit=1080%2C1080&#038;ssl=1\" \/>\n\t<meta property=\"og:image:width\" content=\"1080\" \/>\n\t<meta property=\"og:image:height\" content=\"1080\" \/>\n<meta name=\"twitter:card\" content=\"summary_large_image\" \/>\n<meta name=\"twitter:label1\" content=\"Tiempo de lectura\">\n\t<meta name=\"twitter:data1\" content=\"1 minuto\">\n<script type=\"application\/ld+json\" class=\"yoast-schema-graph\">{\"@context\":\"https:\/\/schema.org\",\"@graph\":[{\"@type\":\"Organization\",\"@id\":\"https:\/\/www.comercialanma.es\/#organization\",\"name\":\"Comercial Anma\",\"url\":\"https:\/\/www.comercialanma.es\/\",\"sameAs\":[\"https:\/\/www.facebook.com\/AnmaHosteleria\",\"https:\/\/www.instagram.com\/anmahosteleria\/?hl=es\",\"https:\/\/www.youtube.com\/channel\/UCT2nmn08Ntks0hmpZPnDgCA\"],\"logo\":{\"@type\":\"ImageObject\",\"@id\":\"https:\/\/www.comercialanma.es\/#logo\",\"inLanguage\":\"es\",\"url\":\"https:\/\/i2.wp.com\/www.comercialanma.es\/wp-content\/uploads\/2019\/06\/logo-anma-color.png?fit=247%2C101&ssl=1\",\"width\":247,\"height\":101,\"caption\":\"Comercial Anma\"},\"image\":{\"@id\":\"https:\/\/www.comercialanma.es\/#logo\"}},{\"@type\":\"WebSite\",\"@id\":\"https:\/\/www.comercialanma.es\/#website\",\"url\":\"https:\/\/www.comercialanma.es\/\",\"name\":\"Comercial de Hosteleria Anma\",\"description\":\"\",\"publisher\":{\"@id\":\"https:\/\/www.comercialanma.es\/#organization\"},\"potentialAction\":[{\"@type\":\"SearchAction\",\"target\":\"https:\/\/www.comercialanma.es\/?s={search_term_string}\",\"query-input\":\"required name=search_term_string\"}],\"inLanguage\":\"es\"},{\"@type\":\"ImageObject\",\"@id\":\"https:\/\/www.comercialanma.es\/?product=ron-zacapa-reserva-23-anos-75cl#primaryimage\",\"inLanguage\":\"es\",\"url\":\"https:\/\/i1.wp.com\/www.comercialanma.es\/wp-content\/uploads\/2019\/07\/zacapa-23.jpg?fit=1080%2C1080&ssl=1\",\"width\":1080,\"height\":1080},{\"@type\":\"WebPage\",\"@id\":\"https:\/\/www.comercialanma.es\/?product=ron-zacapa-reserva-23-anos-75cl#webpage\",\"url\":\"https:\/\/www.comercialanma.es\/?product=ron-zacapa-reserva-23-anos-75cl\",\"name\":\"Ron Zacapa Reserva 23 a\\u00f1os 75cl. - Comercial de Hosteleria Anma\",\"isPartOf\":{\"@id\":\"https:\/\/www.comercialanma.es\/#website\"},\"primaryImageOfPage\":{\"@id\":\"https:\/\/www.comercialanma.es\/?product=ron-zacapa-reserva-23-anos-75cl#primaryimage\"},\"datePublished\":\"2019-07-17T15:50:16+00:00\",\"dateModified\":\"2026-01-21T08:45:12+00:00\",\"breadcrumb\":{\"@id\":\"https:\/\/www.comercialanma.es\/?product=ron-zacapa-reserva-23-anos-75cl#breadcrumb\"},\"inLanguage\":\"es\",\"potentialAction\":[{\"@type\":\"ReadAction\",\"target\":[\"https:\/\/www.comercialanma.es\/?product=ron-zacapa-reserva-23-anos-75cl\"]}]},{\"@type\":\"BreadcrumbList\",\"@id\":\"https:\/\/www.comercialanma.es\/?product=ron-zacapa-reserva-23-anos-75cl#breadcrumb\",\"itemListElement\":[{\"@type\":\"ListItem\",\"position\":1,\"item\":{\"@type\":\"WebPage\",\"@id\":\"https:\/\/www.comercialanma.es\/\",\"url\":\"https:\/\/www.comercialanma.es\/\",\"name\":\"Portada\"}},{\"@type\":\"ListItem\",\"position\":2,\"item\":{\"@type\":\"WebPage\",\"@id\":\"https:\/\/www.comercialanma.es\/?page_id=3963\",\"url\":\"https:\/\/www.comercialanma.es\/?page_id=3963\",\"name\":\"Cat\\u00e1logo de Productos\"}},{\"@type\":\"ListItem\",\"position\":3,\"item\":{\"@type\":\"WebPage\",\"@id\":\"https:\/\/www.comercialanma.es\/?product=ron-zacapa-reserva-23-anos-75cl\",\"url\":\"https:\/\/www.comercialanma.es\/?product=ron-zacapa-reserva-23-anos-75cl\",\"name\":\"Ron Zacapa Reserva 23 a\\u00f1os 75cl.\"}}]}]}<\/script>\n<!-- \/ Yoast SEO plugin. -->","_links":{"self":[{"href":"https:\/\/www.comercialanma.es\/index.php?rest_route=\/wp\/v2\/product\/8472"}],"collection":[{"href":"https:\/\/www.comercialanma.es\/index.php?rest_route=\/wp\/v2\/product"}],"about":[{"href":"https:\/\/www.comercialanma.es\/index.php?rest_route=\/wp\/v2\/types\/product"}],"version-history":[{"count":1,"href":"https:\/\/www.comercialanma.es\/index.php?rest_route=\/wp\/v2\/product\/8472\/revisions"}],"predecessor-version":[{"id":8474,"href":"https:\/\/www.comercialanma.es\/index.php?rest_route=\/wp\/v2\/product\/8472\/revisions\/8474"}],"wp:featuredmedia":[{"embeddable":true,"href":"https:\/\/www.comercialanma.es\/index.php?rest_route=\/wp\/v2\/media\/24579"}],"wp:attachment":[{"href":"https:\/\/www.comercialanma.es\/index.php?rest_route=%2Fwp%2Fv2%2Fmedia&parent=8472"}],"curies":[{"name":"wp","href":"https:\/\/api.w.org\/{rel}","templated":true}]}}