
{"id":9520,"date":"2019-08-23T10:12:23","date_gmt":"2019-08-23T08:12:23","guid":{"rendered":"http:\/\/www.comercialanma.es\/?post_type=product&#038;p=9520"},"modified":"2020-02-24T15:25:31","modified_gmt":"2020-02-24T14:25:31","slug":"whisky-glenfiddich-12-anos-70cl","status":"publish","type":"product","link":"https:\/\/www.comercialanma.es\/?product=whisky-glenfiddich-12-anos-70cl","title":{"rendered":"Whisky Glenfiddich 12 a\u00f1os 70cl."},"content":{"rendered":"<h3>Nota de cata:<\/h3>\n<div>\n<ul>\n<li>Dorado.<\/li>\n<li>Fresco y afrutado, con un ligero toque a pera. Maravillosamente hecho a mano y con un toque equilibrado.<\/li>\n<li>Notas frutales caracter\u00edsticamente dulces. Va desarrollando sabores a caramelo, crema, malta y sabores sutiles de roble.<\/li>\n<li>Graduaci\u00f3n: 40% vol.<\/li>\n<\/ul>\n<\/div>\n","protected":false},"excerpt":{"rendered":"<p>Whisky elaborado en Escocia y envejecido durante 12 a\u00f1os en barriles de roble, es el \u00fanico whisky de malta de las Tierras Altas que se destila, madura y embotella en su propia destiler\u00eda. Ofrece el equilibrio \u00f3ptimo entre sabor y suavidad.<\/p>\n<p>Es el whisky de malta preferido en el mundo, disponible en m\u00e1s de 180 pa\u00edses.<\/p>\n","protected":false},"featured_media":9521,"template":"","meta":{"spay_email":""},"yoast_head":"<!-- This site is optimized with the Yoast SEO plugin v15.9 - https:\/\/yoast.com\/wordpress\/plugins\/seo\/ -->\n<title>Whisky Glenfiddich 12 a\u00f1os 70cl. - Comercial de Hosteleria Anma<\/title>\n<meta name=\"robots\" content=\"index, follow, max-snippet:-1, max-image-preview:large, max-video-preview:-1\" \/>\n<link rel=\"canonical\" href=\"https:\/\/www.comercialanma.es\/?product=whisky-glenfiddich-12-anos-70cl\" \/>\n<meta property=\"og:locale\" content=\"es_ES\" \/>\n<meta property=\"og:type\" content=\"article\" \/>\n<meta property=\"og:title\" content=\"Whisky Glenfiddich 12 a\u00f1os 70cl. - Comercial de Hosteleria Anma\" \/>\n<meta property=\"og:description\" content=\"Whisky elaborado en Escocia y envejecido durante 12 a\u00f1os en barriles de roble, es el \u00fanico whisky de malta de las Tierras Altas que se destila, madura y embotella en su propia destiler\u00eda. Ofrece el equilibrio \u00f3ptimo entre sabor y suavidad.  Es el whisky de malta preferido en el mundo, disponible en m\u00e1s de 180 pa\u00edses.\" \/>\n<meta property=\"og:url\" content=\"https:\/\/www.comercialanma.es\/?product=whisky-glenfiddich-12-anos-70cl\" \/>\n<meta property=\"og:site_name\" content=\"Comercial de Hosteleria Anma\" \/>\n<meta property=\"article:publisher\" content=\"https:\/\/www.facebook.com\/AnmaHosteleria\" \/>\n<meta property=\"article:modified_time\" content=\"2020-02-24T14:25:31+00:00\" \/>\n<meta property=\"og:image\" content=\"https:\/\/i1.wp.com\/www.comercialanma.es\/wp-content\/uploads\/2019\/08\/Glenfiddich-12.jpg?fit=1200%2C1200&#038;ssl=1\" \/>\n\t<meta property=\"og:image:width\" content=\"1200\" \/>\n\t<meta property=\"og:image:height\" content=\"1200\" \/>\n<meta name=\"twitter:card\" content=\"summary_large_image\" \/>\n<script type=\"application\/ld+json\" class=\"yoast-schema-graph\">{\"@context\":\"https:\/\/schema.org\",\"@graph\":[{\"@type\":\"Organization\",\"@id\":\"https:\/\/www.comercialanma.es\/#organization\",\"name\":\"Comercial Anma\",\"url\":\"https:\/\/www.comercialanma.es\/\",\"sameAs\":[\"https:\/\/www.facebook.com\/AnmaHosteleria\",\"https:\/\/www.instagram.com\/anmahosteleria\/?hl=es\",\"https:\/\/www.youtube.com\/channel\/UCT2nmn08Ntks0hmpZPnDgCA\"],\"logo\":{\"@type\":\"ImageObject\",\"@id\":\"https:\/\/www.comercialanma.es\/#logo\",\"inLanguage\":\"es\",\"url\":\"https:\/\/i2.wp.com\/www.comercialanma.es\/wp-content\/uploads\/2019\/06\/logo-anma-color.png?fit=247%2C101&ssl=1\",\"width\":247,\"height\":101,\"caption\":\"Comercial Anma\"},\"image\":{\"@id\":\"https:\/\/www.comercialanma.es\/#logo\"}},{\"@type\":\"WebSite\",\"@id\":\"https:\/\/www.comercialanma.es\/#website\",\"url\":\"https:\/\/www.comercialanma.es\/\",\"name\":\"Comercial de Hosteleria Anma\",\"description\":\"\",\"publisher\":{\"@id\":\"https:\/\/www.comercialanma.es\/#organization\"},\"potentialAction\":[{\"@type\":\"SearchAction\",\"target\":\"https:\/\/www.comercialanma.es\/?s={search_term_string}\",\"query-input\":\"required name=search_term_string\"}],\"inLanguage\":\"es\"},{\"@type\":\"ImageObject\",\"@id\":\"https:\/\/www.comercialanma.es\/?product=whisky-glenfiddich-12-anos-70cl#primaryimage\",\"inLanguage\":\"es\",\"url\":\"https:\/\/i1.wp.com\/www.comercialanma.es\/wp-content\/uploads\/2019\/08\/Glenfiddich-12.jpg?fit=1200%2C1200&ssl=1\",\"width\":1200,\"height\":1200},{\"@type\":\"WebPage\",\"@id\":\"https:\/\/www.comercialanma.es\/?product=whisky-glenfiddich-12-anos-70cl#webpage\",\"url\":\"https:\/\/www.comercialanma.es\/?product=whisky-glenfiddich-12-anos-70cl\",\"name\":\"Whisky Glenfiddich 12 a\\u00f1os 70cl. - Comercial de Hosteleria Anma\",\"isPartOf\":{\"@id\":\"https:\/\/www.comercialanma.es\/#website\"},\"primaryImageOfPage\":{\"@id\":\"https:\/\/www.comercialanma.es\/?product=whisky-glenfiddich-12-anos-70cl#primaryimage\"},\"datePublished\":\"2019-08-23T08:12:23+00:00\",\"dateModified\":\"2020-02-24T14:25:31+00:00\",\"breadcrumb\":{\"@id\":\"https:\/\/www.comercialanma.es\/?product=whisky-glenfiddich-12-anos-70cl#breadcrumb\"},\"inLanguage\":\"es\",\"potentialAction\":[{\"@type\":\"ReadAction\",\"target\":[\"https:\/\/www.comercialanma.es\/?product=whisky-glenfiddich-12-anos-70cl\"]}]},{\"@type\":\"BreadcrumbList\",\"@id\":\"https:\/\/www.comercialanma.es\/?product=whisky-glenfiddich-12-anos-70cl#breadcrumb\",\"itemListElement\":[{\"@type\":\"ListItem\",\"position\":1,\"item\":{\"@type\":\"WebPage\",\"@id\":\"https:\/\/www.comercialanma.es\/\",\"url\":\"https:\/\/www.comercialanma.es\/\",\"name\":\"Portada\"}},{\"@type\":\"ListItem\",\"position\":2,\"item\":{\"@type\":\"WebPage\",\"@id\":\"https:\/\/www.comercialanma.es\/?page_id=3963\",\"url\":\"https:\/\/www.comercialanma.es\/?page_id=3963\",\"name\":\"Cat\\u00e1logo de Productos\"}},{\"@type\":\"ListItem\",\"position\":3,\"item\":{\"@type\":\"WebPage\",\"@id\":\"https:\/\/www.comercialanma.es\/?product=whisky-glenfiddich-12-anos-70cl\",\"url\":\"https:\/\/www.comercialanma.es\/?product=whisky-glenfiddich-12-anos-70cl\",\"name\":\"Whisky Glenfiddich 12 a\\u00f1os 70cl.\"}}]}]}<\/script>\n<!-- \/ Yoast SEO plugin. -->","_links":{"self":[{"href":"https:\/\/www.comercialanma.es\/index.php?rest_route=\/wp\/v2\/product\/9520"}],"collection":[{"href":"https:\/\/www.comercialanma.es\/index.php?rest_route=\/wp\/v2\/product"}],"about":[{"href":"https:\/\/www.comercialanma.es\/index.php?rest_route=\/wp\/v2\/types\/product"}],"version-history":[{"count":1,"href":"https:\/\/www.comercialanma.es\/index.php?rest_route=\/wp\/v2\/product\/9520\/revisions"}],"predecessor-version":[{"id":9522,"href":"https:\/\/www.comercialanma.es\/index.php?rest_route=\/wp\/v2\/product\/9520\/revisions\/9522"}],"wp:featuredmedia":[{"embeddable":true,"href":"https:\/\/www.comercialanma.es\/index.php?rest_route=\/wp\/v2\/media\/9521"}],"wp:attachment":[{"href":"https:\/\/www.comercialanma.es\/index.php?rest_route=%2Fwp%2Fv2%2Fmedia&parent=9520"}],"curies":[{"name":"wp","href":"https:\/\/api.w.org\/{rel}","templated":true}]}}