
{"id":9629,"date":"2019-08-23T16:31:27","date_gmt":"2019-08-23T14:31:27","guid":{"rendered":"http:\/\/www.comercialanma.es\/?post_type=product&#038;p=9629"},"modified":"2020-02-24T15:34:58","modified_gmt":"2020-02-24T14:34:58","slug":"whisky-glenlivet-founder-s-reserve-70cl","status":"publish","type":"product","link":"https:\/\/www.comercialanma.es\/?product=whisky-glenlivet-founder-s-reserve-70cl","title":{"rendered":"Whisky Glenlivet Founder \u00b4s Reserve 70cl."},"content":{"rendered":"<h3>Nota de cata:<\/h3>\n<div id=\"tabs_content_container\">\n<div id=\"tab_cata_0\" class=\"tab_content catas_review_container\">\n<ul>\n<li class=\"sp catas_review col-xs-12 nopadding\"><span class=\"cata_title\">Cata a la vista:<\/span> <span class=\"cata_content\">Color oro brillante, muy vivo.<\/span><\/li>\n<li class=\"sp catas_review col-xs-12 nopadding\"><span class=\"cata_title\">Cata en nariz:<\/span> <span class=\"cata_content\">Presenta una nariz afrutada, con fragancias como de verano.<\/span><\/li>\n<li class=\"sp catas_review col-xs-12 nopadding\"><span class=\"cata_title\">Cata en boca:<\/span> <span class=\"cata_content\">Bien equilibrado y afrutado, con fuertes notas de pi\u00f1a. Final cremoso y suave con sabores a mazap\u00e1n y avellanas frescas.<\/span><\/li>\n<li class=\"sp catas_review col-xs-12 nopadding\">Graduaci\u00f3n: 40% vol.<\/li>\n<\/ul>\n<\/div>\n<\/div>\n","protected":false},"excerpt":{"rendered":"<p>El car\u00e1cter delicado y complejo de The\u00a0Glenlivet 12 A\u00f1os proviene de la altura y la anchura de los alambiques de The Glenlivet Distillery. Este destilado es envejecido en una mezcla de tipos de barril, incluyendo roble americano y europeo.<br \/>\nEl envejecimiento en roble americano imparte notas de vainilla y le da al whisky su distintiva suavidad. Por otro lado, el agua rica en minerales del Pozo de Josie asegura los mejores resultados posibles durante la maceraci\u00f3n y la fermentaci\u00f3n para formar los sabores que definen esta expresi\u00f3n.<\/p>\n","protected":false},"featured_media":9630,"template":"","meta":{"spay_email":""},"yoast_head":"<!-- This site is optimized with the Yoast SEO plugin v15.9 - https:\/\/yoast.com\/wordpress\/plugins\/seo\/ -->\n<title>Whisky Glenlivet Founder \u00b4s Reserve 70cl. - Comercial de Hosteleria Anma<\/title>\n<meta name=\"robots\" content=\"index, follow, max-snippet:-1, max-image-preview:large, max-video-preview:-1\" \/>\n<link rel=\"canonical\" href=\"https:\/\/www.comercialanma.es\/?product=whisky-glenlivet-founder-s-reserve-70cl\" \/>\n<meta property=\"og:locale\" content=\"es_ES\" \/>\n<meta property=\"og:type\" content=\"article\" \/>\n<meta property=\"og:title\" content=\"Whisky Glenlivet Founder \u00b4s Reserve 70cl. - Comercial de Hosteleria Anma\" \/>\n<meta property=\"og:description\" content=\"El car\u00e1cter delicado y complejo de The\u00a0Glenlivet 12 A\u00f1os proviene de la altura y la anchura de los alambiques de The Glenlivet Distillery. Este destilado es envejecido en una mezcla de tipos de barril, incluyendo roble americano y europeo. El envejecimiento en roble americano imparte notas de vainilla y le da al whisky su distintiva suavidad. Por otro lado, el agua rica en minerales del Pozo de Josie asegura los mejores resultados posibles durante la maceraci\u00f3n y la fermentaci\u00f3n para formar los sabores que definen esta expresi\u00f3n.\" \/>\n<meta property=\"og:url\" content=\"https:\/\/www.comercialanma.es\/?product=whisky-glenlivet-founder-s-reserve-70cl\" \/>\n<meta property=\"og:site_name\" content=\"Comercial de Hosteleria Anma\" \/>\n<meta property=\"article:publisher\" content=\"https:\/\/www.facebook.com\/AnmaHosteleria\" \/>\n<meta property=\"article:modified_time\" content=\"2020-02-24T14:34:58+00:00\" \/>\n<meta property=\"og:image\" content=\"https:\/\/i0.wp.com\/www.comercialanma.es\/wp-content\/uploads\/2019\/08\/Glenlivet-founders-reserve.jpg?fit=1200%2C1200&#038;ssl=1\" \/>\n\t<meta property=\"og:image:width\" content=\"1200\" \/>\n\t<meta property=\"og:image:height\" content=\"1200\" \/>\n<meta name=\"twitter:card\" content=\"summary_large_image\" \/>\n<script type=\"application\/ld+json\" class=\"yoast-schema-graph\">{\"@context\":\"https:\/\/schema.org\",\"@graph\":[{\"@type\":\"Organization\",\"@id\":\"https:\/\/www.comercialanma.es\/#organization\",\"name\":\"Comercial Anma\",\"url\":\"https:\/\/www.comercialanma.es\/\",\"sameAs\":[\"https:\/\/www.facebook.com\/AnmaHosteleria\",\"https:\/\/www.instagram.com\/anmahosteleria\/?hl=es\",\"https:\/\/www.youtube.com\/channel\/UCT2nmn08Ntks0hmpZPnDgCA\"],\"logo\":{\"@type\":\"ImageObject\",\"@id\":\"https:\/\/www.comercialanma.es\/#logo\",\"inLanguage\":\"es\",\"url\":\"https:\/\/i2.wp.com\/www.comercialanma.es\/wp-content\/uploads\/2019\/06\/logo-anma-color.png?fit=247%2C101&ssl=1\",\"width\":247,\"height\":101,\"caption\":\"Comercial Anma\"},\"image\":{\"@id\":\"https:\/\/www.comercialanma.es\/#logo\"}},{\"@type\":\"WebSite\",\"@id\":\"https:\/\/www.comercialanma.es\/#website\",\"url\":\"https:\/\/www.comercialanma.es\/\",\"name\":\"Comercial de Hosteleria Anma\",\"description\":\"\",\"publisher\":{\"@id\":\"https:\/\/www.comercialanma.es\/#organization\"},\"potentialAction\":[{\"@type\":\"SearchAction\",\"target\":\"https:\/\/www.comercialanma.es\/?s={search_term_string}\",\"query-input\":\"required name=search_term_string\"}],\"inLanguage\":\"es\"},{\"@type\":\"ImageObject\",\"@id\":\"https:\/\/www.comercialanma.es\/?product=whisky-glenlivet-founder-s-reserve-70cl#primaryimage\",\"inLanguage\":\"es\",\"url\":\"https:\/\/i0.wp.com\/www.comercialanma.es\/wp-content\/uploads\/2019\/08\/Glenlivet-founders-reserve.jpg?fit=1200%2C1200&ssl=1\",\"width\":1200,\"height\":1200},{\"@type\":\"WebPage\",\"@id\":\"https:\/\/www.comercialanma.es\/?product=whisky-glenlivet-founder-s-reserve-70cl#webpage\",\"url\":\"https:\/\/www.comercialanma.es\/?product=whisky-glenlivet-founder-s-reserve-70cl\",\"name\":\"Whisky Glenlivet Founder \\u00b4s Reserve 70cl. - Comercial de Hosteleria Anma\",\"isPartOf\":{\"@id\":\"https:\/\/www.comercialanma.es\/#website\"},\"primaryImageOfPage\":{\"@id\":\"https:\/\/www.comercialanma.es\/?product=whisky-glenlivet-founder-s-reserve-70cl#primaryimage\"},\"datePublished\":\"2019-08-23T14:31:27+00:00\",\"dateModified\":\"2020-02-24T14:34:58+00:00\",\"breadcrumb\":{\"@id\":\"https:\/\/www.comercialanma.es\/?product=whisky-glenlivet-founder-s-reserve-70cl#breadcrumb\"},\"inLanguage\":\"es\",\"potentialAction\":[{\"@type\":\"ReadAction\",\"target\":[\"https:\/\/www.comercialanma.es\/?product=whisky-glenlivet-founder-s-reserve-70cl\"]}]},{\"@type\":\"BreadcrumbList\",\"@id\":\"https:\/\/www.comercialanma.es\/?product=whisky-glenlivet-founder-s-reserve-70cl#breadcrumb\",\"itemListElement\":[{\"@type\":\"ListItem\",\"position\":1,\"item\":{\"@type\":\"WebPage\",\"@id\":\"https:\/\/www.comercialanma.es\/\",\"url\":\"https:\/\/www.comercialanma.es\/\",\"name\":\"Portada\"}},{\"@type\":\"ListItem\",\"position\":2,\"item\":{\"@type\":\"WebPage\",\"@id\":\"https:\/\/www.comercialanma.es\/?page_id=3963\",\"url\":\"https:\/\/www.comercialanma.es\/?page_id=3963\",\"name\":\"Cat\\u00e1logo de Productos\"}},{\"@type\":\"ListItem\",\"position\":3,\"item\":{\"@type\":\"WebPage\",\"@id\":\"https:\/\/www.comercialanma.es\/?product=whisky-glenlivet-founder-s-reserve-70cl\",\"url\":\"https:\/\/www.comercialanma.es\/?product=whisky-glenlivet-founder-s-reserve-70cl\",\"name\":\"Whisky Glenlivet Founder \\u00b4s Reserve 70cl.\"}}]}]}<\/script>\n<!-- \/ Yoast SEO plugin. -->","_links":{"self":[{"href":"https:\/\/www.comercialanma.es\/index.php?rest_route=\/wp\/v2\/product\/9629"}],"collection":[{"href":"https:\/\/www.comercialanma.es\/index.php?rest_route=\/wp\/v2\/product"}],"about":[{"href":"https:\/\/www.comercialanma.es\/index.php?rest_route=\/wp\/v2\/types\/product"}],"version-history":[{"count":1,"href":"https:\/\/www.comercialanma.es\/index.php?rest_route=\/wp\/v2\/product\/9629\/revisions"}],"predecessor-version":[{"id":9631,"href":"https:\/\/www.comercialanma.es\/index.php?rest_route=\/wp\/v2\/product\/9629\/revisions\/9631"}],"wp:featuredmedia":[{"embeddable":true,"href":"https:\/\/www.comercialanma.es\/index.php?rest_route=\/wp\/v2\/media\/9630"}],"wp:attachment":[{"href":"https:\/\/www.comercialanma.es\/index.php?rest_route=%2Fwp%2Fv2%2Fmedia&parent=9629"}],"curies":[{"name":"wp","href":"https:\/\/api.w.org\/{rel}","templated":true}]}}